{"id":746,"date":"2024-03-10T18:50:56","date_gmt":"2024-03-10T17:50:56","guid":{"rendered":"http:\/\/www.kernaou.bzh\/?page_id=746"},"modified":"2024-03-10T19:25:49","modified_gmt":"2024-03-10T18:25:49","slug":"nous-avons-besoin-dun-coup-de-pouce-pour-que-ce-projet-puisse-definitivement-poursuivre-sa-route","status":"publish","type":"page","link":"https:\/\/www.kernaou.bzh\/index.php\/nous-avons-besoin-dun-coup-de-pouce-pour-que-ce-projet-puisse-definitivement-poursuivre-sa-route\/","title":{"rendered":"Nous avons besoin d&rsquo;un coup de pouce pour que ce projet puisse d\u00e9finitivement poursuivre sa route."},"content":{"rendered":"\n<p>Nous avons fait confiance \u00e0 Kengo pour porter ce plan de financement participatif. Vous trouverez ci-dessous le lien avec tout le d\u00e9tail. Entrez dans l&rsquo;histoire de ce village d&rsquo;exception!!!<\/p>\n\n\n\n<figure class=\"wp-block-gallery has-nested-images columns-default is-cropped wp-block-gallery-1 is-layout-flex wp-block-gallery-is-layout-flex\">\n<figure class=\"wp-block-image size-large\"><a href=\"https:\/\/kengo.bzh\/projet\/4535\/sauvons-le-hameau-de-kernaou\"><img loading=\"lazy\" decoding=\"async\" width=\"1024\" height=\"387\" data-id=\"751\" src=\"http:\/\/www.kernaou.bzh\/wp-content\/uploads\/2024\/03\/Capture-decran-2024-03-10-a-19.20.35-1024x387.png\" alt=\"\" class=\"wp-image-751\" srcset=\"https:\/\/www.kernaou.bzh\/wp-content\/uploads\/2024\/03\/Capture-decran-2024-03-10-a-19.20.35-1024x387.png 1024w, https:\/\/www.kernaou.bzh\/wp-content\/uploads\/2024\/03\/Capture-decran-2024-03-10-a-19.20.35-300x113.png 300w, https:\/\/www.kernaou.bzh\/wp-content\/uploads\/2024\/03\/Capture-decran-2024-03-10-a-19.20.35-150x57.png 150w, https:\/\/www.kernaou.bzh\/wp-content\/uploads\/2024\/03\/Capture-decran-2024-03-10-a-19.20.35-768x290.png 768w, https:\/\/www.kernaou.bzh\/wp-content\/uploads\/2024\/03\/Capture-decran-2024-03-10-a-19.20.35-1536x580.png 1536w, https:\/\/www.kernaou.bzh\/wp-content\/uploads\/2024\/03\/Capture-decran-2024-03-10-a-19.20.35-2048x773.png 2048w, https:\/\/www.kernaou.bzh\/wp-content\/uploads\/2024\/03\/Capture-decran-2024-03-10-a-19.20.35-600x227.png 600w\" sizes=\"auto, (max-width: 1024px) 100vw, 1024px\" \/><\/a><\/figure>\n<\/figure>\n","protected":false},"excerpt":{"rendered":"<p>Nous avons fait confiance \u00e0 Kengo pour porter ce plan de financement participatif. Vous trouverez ci-dessous le lien avec tout le d\u00e9tail. Entrez dans l&rsquo;histoire de ce village d&rsquo;exception!!!<\/p>\n","protected":false},"author":1,"featured_media":0,"parent":0,"menu_order":0,"comment_status":"closed","ping_status":"closed","template":"","meta":{"footnotes":""},"class_list":["post-746","page","type-page","status-publish","hentry"],"yoast_head":"<!-- This site is optimized with the Yoast SEO plugin v27.3 - https:\/\/yoast.com\/product\/yoast-seo-wordpress\/ -->\n<title>Nous avons besoin d&#039;un coup de pouce pour que ce projet puisse d\u00e9finitivement poursuivre sa route. - Hameau de Kernaou<\/title>\n<meta name=\"robots\" content=\"index, follow, max-snippet:-1, max-image-preview:large, max-video-preview:-1\" \/>\n<link rel=\"canonical\" href=\"https:\/\/www.kernaou.bzh\/index.php\/nous-avons-besoin-dun-coup-de-pouce-pour-que-ce-projet-puisse-definitivement-poursuivre-sa-route\/\" \/>\n<meta property=\"og:locale\" content=\"fr_FR\" \/>\n<meta property=\"og:type\" content=\"article\" \/>\n<meta property=\"og:title\" content=\"Nous avons besoin d&#039;un coup de pouce pour que ce projet puisse d\u00e9finitivement poursuivre sa route. - Hameau de Kernaou\" \/>\n<meta property=\"og:description\" content=\"Nous avons fait confiance \u00e0 Kengo pour porter ce plan de financement participatif. Vous trouverez ci-dessous le lien avec tout le d\u00e9tail. Entrez dans l&rsquo;histoire de ce village d&rsquo;exception!!!\" \/>\n<meta property=\"og:url\" content=\"https:\/\/www.kernaou.bzh\/index.php\/nous-avons-besoin-dun-coup-de-pouce-pour-que-ce-projet-puisse-definitivement-poursuivre-sa-route\/\" \/>\n<meta property=\"og:site_name\" content=\"Hameau de Kernaou\" \/>\n<meta property=\"article:modified_time\" content=\"2024-03-10T18:25:49+00:00\" \/>\n<meta property=\"og:image\" content=\"http:\/\/www.kernaou.bzh\/wp-content\/uploads\/2024\/03\/Capture-decran-2024-03-10-a-19.20.35-1024x387.png\" \/>\n<meta name=\"twitter:card\" content=\"summary_large_image\" \/>\n<meta name=\"twitter:label1\" content=\"Dur\u00e9e de lecture estim\u00e9e\" \/>\n\t<meta name=\"twitter:data1\" content=\"1 minute\" \/>\n<script type=\"application\/ld+json\" class=\"yoast-schema-graph\">{\"@context\":\"https:\\\/\\\/schema.org\",\"@graph\":[{\"@type\":\"WebPage\",\"@id\":\"https:\\\/\\\/www.kernaou.bzh\\\/index.php\\\/nous-avons-besoin-dun-coup-de-pouce-pour-que-ce-projet-puisse-definitivement-poursuivre-sa-route\\\/\",\"url\":\"https:\\\/\\\/www.kernaou.bzh\\\/index.php\\\/nous-avons-besoin-dun-coup-de-pouce-pour-que-ce-projet-puisse-definitivement-poursuivre-sa-route\\\/\",\"name\":\"Nous avons besoin d'un coup de pouce pour que ce projet puisse d\u00e9finitivement poursuivre sa route. - Hameau de Kernaou\",\"isPartOf\":{\"@id\":\"https:\\\/\\\/www.kernaou.bzh\\\/#website\"},\"primaryImageOfPage\":{\"@id\":\"https:\\\/\\\/www.kernaou.bzh\\\/index.php\\\/nous-avons-besoin-dun-coup-de-pouce-pour-que-ce-projet-puisse-definitivement-poursuivre-sa-route\\\/#primaryimage\"},\"image\":{\"@id\":\"https:\\\/\\\/www.kernaou.bzh\\\/index.php\\\/nous-avons-besoin-dun-coup-de-pouce-pour-que-ce-projet-puisse-definitivement-poursuivre-sa-route\\\/#primaryimage\"},\"thumbnailUrl\":\"http:\\\/\\\/www.kernaou.bzh\\\/wp-content\\\/uploads\\\/2024\\\/03\\\/Capture-decran-2024-03-10-a-19.20.35-1024x387.png\",\"datePublished\":\"2024-03-10T17:50:56+00:00\",\"dateModified\":\"2024-03-10T18:25:49+00:00\",\"breadcrumb\":{\"@id\":\"https:\\\/\\\/www.kernaou.bzh\\\/index.php\\\/nous-avons-besoin-dun-coup-de-pouce-pour-que-ce-projet-puisse-definitivement-poursuivre-sa-route\\\/#breadcrumb\"},\"inLanguage\":\"fr-FR\",\"potentialAction\":[{\"@type\":\"ReadAction\",\"target\":[\"https:\\\/\\\/www.kernaou.bzh\\\/index.php\\\/nous-avons-besoin-dun-coup-de-pouce-pour-que-ce-projet-puisse-definitivement-poursuivre-sa-route\\\/\"]}]},{\"@type\":\"ImageObject\",\"inLanguage\":\"fr-FR\",\"@id\":\"https:\\\/\\\/www.kernaou.bzh\\\/index.php\\\/nous-avons-besoin-dun-coup-de-pouce-pour-que-ce-projet-puisse-definitivement-poursuivre-sa-route\\\/#primaryimage\",\"url\":\"https:\\\/\\\/www.kernaou.bzh\\\/wp-content\\\/uploads\\\/2024\\\/03\\\/Capture-decran-2024-03-10-a-19.20.35.png\",\"contentUrl\":\"https:\\\/\\\/www.kernaou.bzh\\\/wp-content\\\/uploads\\\/2024\\\/03\\\/Capture-decran-2024-03-10-a-19.20.35.png\",\"width\":2866,\"height\":1082},{\"@type\":\"BreadcrumbList\",\"@id\":\"https:\\\/\\\/www.kernaou.bzh\\\/index.php\\\/nous-avons-besoin-dun-coup-de-pouce-pour-que-ce-projet-puisse-definitivement-poursuivre-sa-route\\\/#breadcrumb\",\"itemListElement\":[{\"@type\":\"ListItem\",\"position\":1,\"name\":\"Accueil\",\"item\":\"https:\\\/\\\/www.kernaou.bzh\\\/\"},{\"@type\":\"ListItem\",\"position\":2,\"name\":\"Nous avons besoin d&rsquo;un coup de pouce pour que ce projet puisse d\u00e9finitivement poursuivre sa route.\"}]},{\"@type\":\"WebSite\",\"@id\":\"https:\\\/\\\/www.kernaou.bzh\\\/#website\",\"url\":\"https:\\\/\\\/www.kernaou.bzh\\\/\",\"name\":\"Hameau de Kernaou\",\"description\":\"Redonnons vie \u00e0 ce patrimoine\",\"publisher\":{\"@id\":\"https:\\\/\\\/www.kernaou.bzh\\\/#organization\"},\"potentialAction\":[{\"@type\":\"SearchAction\",\"target\":{\"@type\":\"EntryPoint\",\"urlTemplate\":\"https:\\\/\\\/www.kernaou.bzh\\\/?s={search_term_string}\"},\"query-input\":{\"@type\":\"PropertyValueSpecification\",\"valueRequired\":true,\"valueName\":\"search_term_string\"}}],\"inLanguage\":\"fr-FR\"},{\"@type\":\"Organization\",\"@id\":\"https:\\\/\\\/www.kernaou.bzh\\\/#organization\",\"name\":\"Hameau de Kernaou\",\"url\":\"https:\\\/\\\/www.kernaou.bzh\\\/\",\"logo\":{\"@type\":\"ImageObject\",\"inLanguage\":\"fr-FR\",\"@id\":\"https:\\\/\\\/www.kernaou.bzh\\\/#\\\/schema\\\/logo\\\/image\\\/\",\"url\":\"https:\\\/\\\/www.kernaou.bzh\\\/wp-content\\\/uploads\\\/2021\\\/09\\\/cropped-cropped-cropped-cropped-Capture-decran-2021-09-12-a-16.15.43-1.png\",\"contentUrl\":\"https:\\\/\\\/www.kernaou.bzh\\\/wp-content\\\/uploads\\\/2021\\\/09\\\/cropped-cropped-cropped-cropped-Capture-decran-2021-09-12-a-16.15.43-1.png\",\"width\":512,\"height\":512,\"caption\":\"Hameau de Kernaou\"},\"image\":{\"@id\":\"https:\\\/\\\/www.kernaou.bzh\\\/#\\\/schema\\\/logo\\\/image\\\/\"}}]}<\/script>\n<!-- \/ Yoast SEO plugin. -->","yoast_head_json":{"title":"Nous avons besoin d'un coup de pouce pour que ce projet puisse d\u00e9finitivement poursuivre sa route. - Hameau de Kernaou","robots":{"index":"index","follow":"follow","max-snippet":"max-snippet:-1","max-image-preview":"max-image-preview:large","max-video-preview":"max-video-preview:-1"},"canonical":"https:\/\/www.kernaou.bzh\/index.php\/nous-avons-besoin-dun-coup-de-pouce-pour-que-ce-projet-puisse-definitivement-poursuivre-sa-route\/","og_locale":"fr_FR","og_type":"article","og_title":"Nous avons besoin d'un coup de pouce pour que ce projet puisse d\u00e9finitivement poursuivre sa route. - Hameau de Kernaou","og_description":"Nous avons fait confiance \u00e0 Kengo pour porter ce plan de financement participatif. Vous trouverez ci-dessous le lien avec tout le d\u00e9tail. Entrez dans l&rsquo;histoire de ce village d&rsquo;exception!!!","og_url":"https:\/\/www.kernaou.bzh\/index.php\/nous-avons-besoin-dun-coup-de-pouce-pour-que-ce-projet-puisse-definitivement-poursuivre-sa-route\/","og_site_name":"Hameau de Kernaou","article_modified_time":"2024-03-10T18:25:49+00:00","og_image":[{"url":"http:\/\/www.kernaou.bzh\/wp-content\/uploads\/2024\/03\/Capture-decran-2024-03-10-a-19.20.35-1024x387.png","type":"","width":"","height":""}],"twitter_card":"summary_large_image","twitter_misc":{"Dur\u00e9e de lecture estim\u00e9e":"1 minute"},"schema":{"@context":"https:\/\/schema.org","@graph":[{"@type":"WebPage","@id":"https:\/\/www.kernaou.bzh\/index.php\/nous-avons-besoin-dun-coup-de-pouce-pour-que-ce-projet-puisse-definitivement-poursuivre-sa-route\/","url":"https:\/\/www.kernaou.bzh\/index.php\/nous-avons-besoin-dun-coup-de-pouce-pour-que-ce-projet-puisse-definitivement-poursuivre-sa-route\/","name":"Nous avons besoin d'un coup de pouce pour que ce projet puisse d\u00e9finitivement poursuivre sa route. - Hameau de Kernaou","isPartOf":{"@id":"https:\/\/www.kernaou.bzh\/#website"},"primaryImageOfPage":{"@id":"https:\/\/www.kernaou.bzh\/index.php\/nous-avons-besoin-dun-coup-de-pouce-pour-que-ce-projet-puisse-definitivement-poursuivre-sa-route\/#primaryimage"},"image":{"@id":"https:\/\/www.kernaou.bzh\/index.php\/nous-avons-besoin-dun-coup-de-pouce-pour-que-ce-projet-puisse-definitivement-poursuivre-sa-route\/#primaryimage"},"thumbnailUrl":"http:\/\/www.kernaou.bzh\/wp-content\/uploads\/2024\/03\/Capture-decran-2024-03-10-a-19.20.35-1024x387.png","datePublished":"2024-03-10T17:50:56+00:00","dateModified":"2024-03-10T18:25:49+00:00","breadcrumb":{"@id":"https:\/\/www.kernaou.bzh\/index.php\/nous-avons-besoin-dun-coup-de-pouce-pour-que-ce-projet-puisse-definitivement-poursuivre-sa-route\/#breadcrumb"},"inLanguage":"fr-FR","potentialAction":[{"@type":"ReadAction","target":["https:\/\/www.kernaou.bzh\/index.php\/nous-avons-besoin-dun-coup-de-pouce-pour-que-ce-projet-puisse-definitivement-poursuivre-sa-route\/"]}]},{"@type":"ImageObject","inLanguage":"fr-FR","@id":"https:\/\/www.kernaou.bzh\/index.php\/nous-avons-besoin-dun-coup-de-pouce-pour-que-ce-projet-puisse-definitivement-poursuivre-sa-route\/#primaryimage","url":"https:\/\/www.kernaou.bzh\/wp-content\/uploads\/2024\/03\/Capture-decran-2024-03-10-a-19.20.35.png","contentUrl":"https:\/\/www.kernaou.bzh\/wp-content\/uploads\/2024\/03\/Capture-decran-2024-03-10-a-19.20.35.png","width":2866,"height":1082},{"@type":"BreadcrumbList","@id":"https:\/\/www.kernaou.bzh\/index.php\/nous-avons-besoin-dun-coup-de-pouce-pour-que-ce-projet-puisse-definitivement-poursuivre-sa-route\/#breadcrumb","itemListElement":[{"@type":"ListItem","position":1,"name":"Accueil","item":"https:\/\/www.kernaou.bzh\/"},{"@type":"ListItem","position":2,"name":"Nous avons besoin d&rsquo;un coup de pouce pour que ce projet puisse d\u00e9finitivement poursuivre sa route."}]},{"@type":"WebSite","@id":"https:\/\/www.kernaou.bzh\/#website","url":"https:\/\/www.kernaou.bzh\/","name":"Hameau de Kernaou","description":"Redonnons vie \u00e0 ce patrimoine","publisher":{"@id":"https:\/\/www.kernaou.bzh\/#organization"},"potentialAction":[{"@type":"SearchAction","target":{"@type":"EntryPoint","urlTemplate":"https:\/\/www.kernaou.bzh\/?s={search_term_string}"},"query-input":{"@type":"PropertyValueSpecification","valueRequired":true,"valueName":"search_term_string"}}],"inLanguage":"fr-FR"},{"@type":"Organization","@id":"https:\/\/www.kernaou.bzh\/#organization","name":"Hameau de Kernaou","url":"https:\/\/www.kernaou.bzh\/","logo":{"@type":"ImageObject","inLanguage":"fr-FR","@id":"https:\/\/www.kernaou.bzh\/#\/schema\/logo\/image\/","url":"https:\/\/www.kernaou.bzh\/wp-content\/uploads\/2021\/09\/cropped-cropped-cropped-cropped-Capture-decran-2021-09-12-a-16.15.43-1.png","contentUrl":"https:\/\/www.kernaou.bzh\/wp-content\/uploads\/2021\/09\/cropped-cropped-cropped-cropped-Capture-decran-2021-09-12-a-16.15.43-1.png","width":512,"height":512,"caption":"Hameau de Kernaou"},"image":{"@id":"https:\/\/www.kernaou.bzh\/#\/schema\/logo\/image\/"}}]}},"_links":{"self":[{"href":"https:\/\/www.kernaou.bzh\/index.php\/wp-json\/wp\/v2\/pages\/746","targetHints":{"allow":["GET"]}}],"collection":[{"href":"https:\/\/www.kernaou.bzh\/index.php\/wp-json\/wp\/v2\/pages"}],"about":[{"href":"https:\/\/www.kernaou.bzh\/index.php\/wp-json\/wp\/v2\/types\/page"}],"author":[{"embeddable":true,"href":"https:\/\/www.kernaou.bzh\/index.php\/wp-json\/wp\/v2\/users\/1"}],"replies":[{"embeddable":true,"href":"https:\/\/www.kernaou.bzh\/index.php\/wp-json\/wp\/v2\/comments?post=746"}],"version-history":[{"count":4,"href":"https:\/\/www.kernaou.bzh\/index.php\/wp-json\/wp\/v2\/pages\/746\/revisions"}],"predecessor-version":[{"id":754,"href":"https:\/\/www.kernaou.bzh\/index.php\/wp-json\/wp\/v2\/pages\/746\/revisions\/754"}],"wp:attachment":[{"href":"https:\/\/www.kernaou.bzh\/index.php\/wp-json\/wp\/v2\/media?parent=746"}],"curies":[{"name":"wp","href":"https:\/\/api.w.org\/{rel}","templated":true}]}}