{"id":207,"date":"2021-09-28T15:52:41","date_gmt":"2021-09-28T13:52:41","guid":{"rendered":"http:\/\/www.kernaou.bzh\/?page_id=207"},"modified":"2023-06-30T19:16:57","modified_gmt":"2023-06-30T17:16:57","slug":"le-hameau-en-image","status":"publish","type":"page","link":"https:\/\/www.kernaou.bzh\/index.php\/le-hameau-en-image\/","title":{"rendered":"L&rsquo;histoire du hameau, quelques photos lors de notre arriv\u00e9e."},"content":{"rendered":"\n<p>La pr\u00e9sence du hameau est attest\u00e9e d\u00e8s 1694. La pierre dat\u00e9e 1591 dans l\u00b4ancienne ferme 1 est un remploi. Compos\u00e9 de quatre anciennes exploitations, la structure du hameau n\u00b4a que peu \u00e9volu\u00e9 depuis 1830. Cet habitat de cultivateurs et de p\u00eacheurs remonte au 17e si\u00e8cle ou au 18e si\u00e8cle. Certaines d\u00e9pendances ont \u00e9t\u00e9 d\u00e9truites depuis 1830, d\u00b4autres ont \u00e9t\u00e9 rajout\u00e9es. Suite \u00e0 la crise de la p\u00eache de la sardine au d\u00e9but du 20e si\u00e8cle, le village a \u00e9t\u00e9 d\u00e9sert\u00e9 . (r\u00e9f:patrimoine.bzh)<\/p>\n\n\n\n<p>Le domaine et le hameau de Kernaou se situent pr\u00e8s de l&rsquo;\u00e9tang de Kerloc&rsquo;h, \u00e0 l&rsquo;ouest de la Presqu&rsquo;\u00eele de Crozon. Sa particularit\u00e9 est d&rsquo;avoir \u00e9t\u00e9 achet\u00e9 d&rsquo;un bloc, au d\u00e9but des ann\u00e9es 60, alors que sa population l&rsquo;abandonnait, par une association organisatrice de vacances, Renouveau. Celle-ci a voulu conserver non seulement les 4 chaumi\u00e8res qui constituaient le hameau, mais aussi les 27 hectares de terres que les habitants cultivaient. Ces terres, en majorit\u00e9 agricoles comprenaient aussi des zones naturelles fragiles et des parcelles bois\u00e9es. Les roseli\u00e8res de l&rsquo;\u00e9tang de Kerloc&rsquo;h voisin fournissaient les roseaux qui servaient \u00e0 couvrir le toit des chaumi\u00e8res. Les b\u00e9n\u00e9voles de Renouveau, qui travaill\u00e8rent \u00e0 restaurer le village, en firent un centre de vacances. Le hameau servait de lieu d&rsquo;animation, de garderie pour les enfants. Une partie des terres ombrag\u00e9es de ch\u00eanes fut am\u00e9nag\u00e9e en camping. Un chemin carrossable sur l&#8217;emprise de l&rsquo;ancienne voie ferr\u00e9e du r\u00e9seau breton (Ligne Perros &#8211; Le Fret) reliait camping et village.<\/p>\n\n\n\n<p>Ce centre fonctionna ainsi pendant les ann\u00e9es 70, 80, 90, mais l&rsquo;\u00e9volution \u00e9conomique des centres de vacances ces derni\u00e8res d\u00e9cennies a invalid\u00e9 ce fonctionnement, au profit de structures offrant des h\u00e9bergements plus confortables. Les anciens b\u00e9n\u00e9voles, devenus pour certains administrateurs de l&rsquo;association Renouveau, ne souhaitaient pas se s\u00e9parer totalement du domaine. Ils propos\u00e8rent \u00e0 une association locale d&rsquo;animation globale sur la Presqu&rsquo;\u00eele de Crozon, l&rsquo;Ulamir Presq&rsquo;\u00eele de Crozon, de construire une nouveau projet de mise en valeur du domaine. L&rsquo;Ulamir n&rsquo;aboutit pas \u00e0 proposer un projet qui tienne la route, et apr\u00e8s quelques ann\u00e9es, Renouveau se r\u00e9signa \u00e0 vendre l&rsquo;ensemble \u00e0 un investisseur priv\u00e9 local qui tenta \u00e0 son tour d&rsquo;y b\u00e2tir un projet de centre accueillant des s\u00e9jours, des s\u00e9minaires&#8230;Actuellement rien n&rsquo;a \u00e9t\u00e9 r\u00e9alis\u00e9 et l&rsquo;ensemble du domaine \u00e0 \u00e9t\u00e9 de nouveau en vente&#8230;..(ref:wiki-brest.net, 17 d\u00e9cembre 2017)<\/p>\n\n\n\n<figure class=\"wp-block-gallery has-nested-images columns-default is-cropped wp-block-gallery-1 is-layout-flex wp-block-gallery-is-layout-flex\">\n<figure class=\"wp-block-image size-large\"><a href=\"http:\/\/www.kernaou.bzh\/wp-content\/uploads\/2021\/09\/51237527769_5ef97906b5_o-scaled-e1632788258891.jpg\"><img loading=\"lazy\" decoding=\"async\" width=\"1024\" height=\"507\" data-id=\"177\" src=\"http:\/\/www.kernaou.bzh\/wp-content\/uploads\/2021\/09\/51237527769_5ef97906b5_o-scaled-e1632788258891-1024x507.jpg\" alt=\"\" class=\"wp-image-177\" srcset=\"https:\/\/www.kernaou.bzh\/wp-content\/uploads\/2021\/09\/51237527769_5ef97906b5_o-scaled-e1632788258891-1024x507.jpg 1024w, https:\/\/www.kernaou.bzh\/wp-content\/uploads\/2021\/09\/51237527769_5ef97906b5_o-scaled-e1632788258891-300x148.jpg 300w, https:\/\/www.kernaou.bzh\/wp-content\/uploads\/2021\/09\/51237527769_5ef97906b5_o-scaled-e1632788258891-768x380.jpg 768w, https:\/\/www.kernaou.bzh\/wp-content\/uploads\/2021\/09\/51237527769_5ef97906b5_o-scaled-e1632788258891-1536x760.jpg 1536w, https:\/\/www.kernaou.bzh\/wp-content\/uploads\/2021\/09\/51237527769_5ef97906b5_o-scaled-e1632788258891-2048x1014.jpg 2048w\" sizes=\"auto, (max-width: 1024px) 100vw, 1024px\" \/><\/a><\/figure>\n\n\n\n<figure class=\"wp-block-image size-large\"><a href=\"http:\/\/www.kernaou.bzh\/wp-content\/uploads\/2021\/09\/51237527769_5ef97906b5_o-1-scaled.jpg\"><img loading=\"lazy\" decoding=\"async\" width=\"1024\" height=\"681\" data-id=\"138\" src=\"http:\/\/www.kernaou.bzh\/wp-content\/uploads\/2021\/09\/51237527769_5ef97906b5_o-1-1024x681.jpg\" alt=\"\" class=\"wp-image-138\" srcset=\"https:\/\/www.kernaou.bzh\/wp-content\/uploads\/2021\/09\/51237527769_5ef97906b5_o-1-1024x681.jpg 1024w, https:\/\/www.kernaou.bzh\/wp-content\/uploads\/2021\/09\/51237527769_5ef97906b5_o-1-300x200.jpg 300w, https:\/\/www.kernaou.bzh\/wp-content\/uploads\/2021\/09\/51237527769_5ef97906b5_o-1-768x511.jpg 768w, https:\/\/www.kernaou.bzh\/wp-content\/uploads\/2021\/09\/51237527769_5ef97906b5_o-1-1536x1022.jpg 1536w, https:\/\/www.kernaou.bzh\/wp-content\/uploads\/2021\/09\/51237527769_5ef97906b5_o-1-2048x1363.jpg 2048w\" sizes=\"auto, (max-width: 1024px) 100vw, 1024px\" \/><\/a><\/figure>\n\n\n\n<figure class=\"wp-block-image size-large\"><a href=\"http:\/\/www.kernaou.bzh\/wp-content\/uploads\/2021\/09\/51237532779_cddac21f2f_o-scaled.jpg\"><img loading=\"lazy\" decoding=\"async\" width=\"1024\" height=\"681\" data-id=\"118\" src=\"http:\/\/www.kernaou.bzh\/wp-content\/uploads\/2021\/09\/51237532779_cddac21f2f_o-1024x681.jpg\" alt=\"\" class=\"wp-image-118\" srcset=\"https:\/\/www.kernaou.bzh\/wp-content\/uploads\/2021\/09\/51237532779_cddac21f2f_o-1024x681.jpg 1024w, https:\/\/www.kernaou.bzh\/wp-content\/uploads\/2021\/09\/51237532779_cddac21f2f_o-300x200.jpg 300w, https:\/\/www.kernaou.bzh\/wp-content\/uploads\/2021\/09\/51237532779_cddac21f2f_o-768x511.jpg 768w, https:\/\/www.kernaou.bzh\/wp-content\/uploads\/2021\/09\/51237532779_cddac21f2f_o-1536x1022.jpg 1536w, https:\/\/www.kernaou.bzh\/wp-content\/uploads\/2021\/09\/51237532779_cddac21f2f_o-2048x1363.jpg 2048w\" sizes=\"auto, (max-width: 1024px) 100vw, 1024px\" \/><\/a><\/figure>\n\n\n\n<figure class=\"wp-block-image size-large\"><a href=\"http:\/\/www.kernaou.bzh\/wp-content\/uploads\/2021\/09\/51236957618_d7eded629d_o-scaled.jpg\"><img loading=\"lazy\" decoding=\"async\" width=\"1024\" height=\"681\" data-id=\"114\" src=\"http:\/\/www.kernaou.bzh\/wp-content\/uploads\/2021\/09\/51236957618_d7eded629d_o-1024x681.jpg\" alt=\"\" class=\"wp-image-114\" srcset=\"https:\/\/www.kernaou.bzh\/wp-content\/uploads\/2021\/09\/51236957618_d7eded629d_o-1024x681.jpg 1024w, https:\/\/www.kernaou.bzh\/wp-content\/uploads\/2021\/09\/51236957618_d7eded629d_o-300x200.jpg 300w, https:\/\/www.kernaou.bzh\/wp-content\/uploads\/2021\/09\/51236957618_d7eded629d_o-768x511.jpg 768w, https:\/\/www.kernaou.bzh\/wp-content\/uploads\/2021\/09\/51236957618_d7eded629d_o-1536x1022.jpg 1536w, https:\/\/www.kernaou.bzh\/wp-content\/uploads\/2021\/09\/51236957618_d7eded629d_o-2048x1363.jpg 2048w\" sizes=\"auto, (max-width: 1024px) 100vw, 1024px\" \/><\/a><\/figure>\n\n\n\n<figure class=\"wp-block-image size-large\"><a href=\"http:\/\/www.kernaou.bzh\/wp-content\/uploads\/2021\/09\/51236756586_4723006e29_o-scaled.jpg\"><img loading=\"lazy\" decoding=\"async\" width=\"1024\" height=\"681\" data-id=\"113\" src=\"http:\/\/www.kernaou.bzh\/wp-content\/uploads\/2021\/09\/51236756586_4723006e29_o-1024x681.jpg\" alt=\"\" class=\"wp-image-113\" srcset=\"https:\/\/www.kernaou.bzh\/wp-content\/uploads\/2021\/09\/51236756586_4723006e29_o-1024x681.jpg 1024w, https:\/\/www.kernaou.bzh\/wp-content\/uploads\/2021\/09\/51236756586_4723006e29_o-300x200.jpg 300w, https:\/\/www.kernaou.bzh\/wp-content\/uploads\/2021\/09\/51236756586_4723006e29_o-768x511.jpg 768w, https:\/\/www.kernaou.bzh\/wp-content\/uploads\/2021\/09\/51236756586_4723006e29_o-1536x1022.jpg 1536w, https:\/\/www.kernaou.bzh\/wp-content\/uploads\/2021\/09\/51236756586_4723006e29_o-2048x1363.jpg 2048w\" sizes=\"auto, (max-width: 1024px) 100vw, 1024px\" \/><\/a><\/figure>\n\n\n\n<figure class=\"wp-block-image size-large\"><a href=\"http:\/\/www.kernaou.bzh\/wp-content\/uploads\/2021\/09\/51237819355_305ef9394c_o-scaled.jpg\"><img loading=\"lazy\" decoding=\"async\" width=\"1024\" height=\"681\" data-id=\"119\" src=\"http:\/\/www.kernaou.bzh\/wp-content\/uploads\/2021\/09\/51237819355_305ef9394c_o-1024x681.jpg\" alt=\"\" class=\"wp-image-119\" srcset=\"https:\/\/www.kernaou.bzh\/wp-content\/uploads\/2021\/09\/51237819355_305ef9394c_o-1024x681.jpg 1024w, https:\/\/www.kernaou.bzh\/wp-content\/uploads\/2021\/09\/51237819355_305ef9394c_o-300x200.jpg 300w, https:\/\/www.kernaou.bzh\/wp-content\/uploads\/2021\/09\/51237819355_305ef9394c_o-768x511.jpg 768w, https:\/\/www.kernaou.bzh\/wp-content\/uploads\/2021\/09\/51237819355_305ef9394c_o-1536x1022.jpg 1536w, https:\/\/www.kernaou.bzh\/wp-content\/uploads\/2021\/09\/51237819355_305ef9394c_o-2048x1363.jpg 2048w\" sizes=\"auto, (max-width: 1024px) 100vw, 1024px\" \/><\/a><\/figure>\n\n\n\n<figure class=\"wp-block-image size-large\"><a href=\"http:\/\/www.kernaou.bzh\/wp-content\/uploads\/2021\/09\/Capture-decran-2021-09-25-a-15.52.47.png\"><img loading=\"lazy\" decoding=\"async\" width=\"1024\" height=\"455\" data-id=\"143\" src=\"http:\/\/www.kernaou.bzh\/wp-content\/uploads\/2021\/09\/Capture-decran-2021-09-25-a-15.52.47-1024x455.png\" alt=\"\" class=\"wp-image-143\" srcset=\"https:\/\/www.kernaou.bzh\/wp-content\/uploads\/2021\/09\/Capture-decran-2021-09-25-a-15.52.47-1024x455.png 1024w, https:\/\/www.kernaou.bzh\/wp-content\/uploads\/2021\/09\/Capture-decran-2021-09-25-a-15.52.47-300x133.png 300w, https:\/\/www.kernaou.bzh\/wp-content\/uploads\/2021\/09\/Capture-decran-2021-09-25-a-15.52.47-768x342.png 768w, https:\/\/www.kernaou.bzh\/wp-content\/uploads\/2021\/09\/Capture-decran-2021-09-25-a-15.52.47-1536x683.png 1536w, https:\/\/www.kernaou.bzh\/wp-content\/uploads\/2021\/09\/Capture-decran-2021-09-25-a-15.52.47.png 1736w\" sizes=\"auto, (max-width: 1024px) 100vw, 1024px\" \/><\/a><\/figure>\n\n\n\n<figure class=\"wp-block-image size-large\"><a href=\"http:\/\/www.kernaou.bzh\/wp-content\/uploads\/2021\/09\/51236755451_f985ee069b_o-scaled.jpg\"><img loading=\"lazy\" decoding=\"async\" width=\"1024\" height=\"681\" data-id=\"112\" src=\"http:\/\/www.kernaou.bzh\/wp-content\/uploads\/2021\/09\/51236755451_f985ee069b_o-1024x681.jpg\" alt=\"\" class=\"wp-image-112\" srcset=\"https:\/\/www.kernaou.bzh\/wp-content\/uploads\/2021\/09\/51236755451_f985ee069b_o-1024x681.jpg 1024w, https:\/\/www.kernaou.bzh\/wp-content\/uploads\/2021\/09\/51236755451_f985ee069b_o-300x200.jpg 300w, https:\/\/www.kernaou.bzh\/wp-content\/uploads\/2021\/09\/51236755451_f985ee069b_o-768x511.jpg 768w, https:\/\/www.kernaou.bzh\/wp-content\/uploads\/2021\/09\/51236755451_f985ee069b_o-1536x1022.jpg 1536w, https:\/\/www.kernaou.bzh\/wp-content\/uploads\/2021\/09\/51236755451_f985ee069b_o-2048x1363.jpg 2048w\" sizes=\"auto, (max-width: 1024px) 100vw, 1024px\" \/><\/a><\/figure>\n\n\n\n<figure class=\"wp-block-image size-large\"><a href=\"http:\/\/www.kernaou.bzh\/wp-content\/uploads\/2021\/09\/51237530579_e142062d19_o-scaled.jpg\"><img loading=\"lazy\" decoding=\"async\" width=\"1024\" height=\"681\" data-id=\"116\" src=\"http:\/\/www.kernaou.bzh\/wp-content\/uploads\/2021\/09\/51237530579_e142062d19_o-1024x681.jpg\" alt=\"\" class=\"wp-image-116\" srcset=\"https:\/\/www.kernaou.bzh\/wp-content\/uploads\/2021\/09\/51237530579_e142062d19_o-1024x681.jpg 1024w, https:\/\/www.kernaou.bzh\/wp-content\/uploads\/2021\/09\/51237530579_e142062d19_o-300x200.jpg 300w, https:\/\/www.kernaou.bzh\/wp-content\/uploads\/2021\/09\/51237530579_e142062d19_o-768x511.jpg 768w, https:\/\/www.kernaou.bzh\/wp-content\/uploads\/2021\/09\/51237530579_e142062d19_o-1536x1022.jpg 1536w, https:\/\/www.kernaou.bzh\/wp-content\/uploads\/2021\/09\/51237530579_e142062d19_o-2048x1363.jpg 2048w\" sizes=\"auto, (max-width: 1024px) 100vw, 1024px\" \/><\/a><\/figure>\n\n\n\n<figure class=\"wp-block-image size-large\"><a href=\"http:\/\/www.kernaou.bzh\/wp-content\/uploads\/2021\/09\/51236755236_c23780edbd_o-scaled.jpg\"><img loading=\"lazy\" decoding=\"async\" width=\"1024\" height=\"681\" data-id=\"111\" src=\"http:\/\/www.kernaou.bzh\/wp-content\/uploads\/2021\/09\/51236755236_c23780edbd_o-1024x681.jpg\" alt=\"\" class=\"wp-image-111\" srcset=\"https:\/\/www.kernaou.bzh\/wp-content\/uploads\/2021\/09\/51236755236_c23780edbd_o-1024x681.jpg 1024w, https:\/\/www.kernaou.bzh\/wp-content\/uploads\/2021\/09\/51236755236_c23780edbd_o-300x200.jpg 300w, https:\/\/www.kernaou.bzh\/wp-content\/uploads\/2021\/09\/51236755236_c23780edbd_o-768x511.jpg 768w, https:\/\/www.kernaou.bzh\/wp-content\/uploads\/2021\/09\/51236755236_c23780edbd_o-1536x1022.jpg 1536w, https:\/\/www.kernaou.bzh\/wp-content\/uploads\/2021\/09\/51236755236_c23780edbd_o-2048x1363.jpg 2048w\" sizes=\"auto, (max-width: 1024px) 100vw, 1024px\" \/><\/a><\/figure>\n\n\n\n<figure class=\"wp-block-image size-large\"><a href=\"http:\/\/www.kernaou.bzh\/wp-content\/uploads\/2021\/09\/51236754086_c3643cdf26_o-scaled.jpg\"><img loading=\"lazy\" decoding=\"async\" width=\"1024\" height=\"681\" data-id=\"110\" src=\"http:\/\/www.kernaou.bzh\/wp-content\/uploads\/2021\/09\/51236754086_c3643cdf26_o-1024x681.jpg\" alt=\"\" class=\"wp-image-110\" srcset=\"https:\/\/www.kernaou.bzh\/wp-content\/uploads\/2021\/09\/51236754086_c3643cdf26_o-1024x681.jpg 1024w, https:\/\/www.kernaou.bzh\/wp-content\/uploads\/2021\/09\/51236754086_c3643cdf26_o-300x200.jpg 300w, https:\/\/www.kernaou.bzh\/wp-content\/uploads\/2021\/09\/51236754086_c3643cdf26_o-768x511.jpg 768w, https:\/\/www.kernaou.bzh\/wp-content\/uploads\/2021\/09\/51236754086_c3643cdf26_o-1536x1022.jpg 1536w, https:\/\/www.kernaou.bzh\/wp-content\/uploads\/2021\/09\/51236754086_c3643cdf26_o-2048x1363.jpg 2048w\" sizes=\"auto, (max-width: 1024px) 100vw, 1024px\" \/><\/a><\/figure>\n\n\n\n<figure class=\"wp-block-image size-large\"><a href=\"http:\/\/www.kernaou.bzh\/wp-content\/uploads\/2021\/09\/51236044807_b8909314d3_5k-scaled.jpg\"><img loading=\"lazy\" decoding=\"async\" width=\"1024\" height=\"683\" data-id=\"107\" src=\"http:\/\/www.kernaou.bzh\/wp-content\/uploads\/2021\/09\/51236044807_b8909314d3_5k-1024x683.jpg\" alt=\"\" class=\"wp-image-107\" srcset=\"https:\/\/www.kernaou.bzh\/wp-content\/uploads\/2021\/09\/51236044807_b8909314d3_5k-1024x683.jpg 1024w, https:\/\/www.kernaou.bzh\/wp-content\/uploads\/2021\/09\/51236044807_b8909314d3_5k-300x200.jpg 300w, https:\/\/www.kernaou.bzh\/wp-content\/uploads\/2021\/09\/51236044807_b8909314d3_5k-768x512.jpg 768w, https:\/\/www.kernaou.bzh\/wp-content\/uploads\/2021\/09\/51236044807_b8909314d3_5k-1536x1024.jpg 1536w, https:\/\/www.kernaou.bzh\/wp-content\/uploads\/2021\/09\/51236044807_b8909314d3_5k-2048x1365.jpg 2048w\" sizes=\"auto, (max-width: 1024px) 100vw, 1024px\" \/><\/a><\/figure>\n\n\n\n<figure class=\"wp-block-image size-large\"><a href=\"http:\/\/www.kernaou.bzh\/wp-content\/uploads\/2021\/09\/51236045262_9f5fd8ab07_6k-scaled.jpg\"><img loading=\"lazy\" decoding=\"async\" width=\"1024\" height=\"681\" data-id=\"108\" src=\"http:\/\/www.kernaou.bzh\/wp-content\/uploads\/2021\/09\/51236045262_9f5fd8ab07_6k-1024x681.jpg\" alt=\"\" class=\"wp-image-108\" srcset=\"https:\/\/www.kernaou.bzh\/wp-content\/uploads\/2021\/09\/51236045262_9f5fd8ab07_6k-1024x681.jpg 1024w, https:\/\/www.kernaou.bzh\/wp-content\/uploads\/2021\/09\/51236045262_9f5fd8ab07_6k-300x200.jpg 300w, https:\/\/www.kernaou.bzh\/wp-content\/uploads\/2021\/09\/51236045262_9f5fd8ab07_6k-768x511.jpg 768w, https:\/\/www.kernaou.bzh\/wp-content\/uploads\/2021\/09\/51236045262_9f5fd8ab07_6k-1536x1022.jpg 1536w, https:\/\/www.kernaou.bzh\/wp-content\/uploads\/2021\/09\/51236045262_9f5fd8ab07_6k-2048x1363.jpg 2048w\" sizes=\"auto, (max-width: 1024px) 100vw, 1024px\" \/><\/a><\/figure>\n\n\n\n<figure class=\"wp-block-image size-large\"><a href=\"http:\/\/www.kernaou.bzh\/wp-content\/uploads\/2021\/09\/51237532009_658eb024db_o-scaled.jpg\"><img loading=\"lazy\" decoding=\"async\" width=\"1024\" height=\"681\" data-id=\"117\" src=\"http:\/\/www.kernaou.bzh\/wp-content\/uploads\/2021\/09\/51237532009_658eb024db_o-1024x681.jpg\" alt=\"\" class=\"wp-image-117\" srcset=\"https:\/\/www.kernaou.bzh\/wp-content\/uploads\/2021\/09\/51237532009_658eb024db_o-1024x681.jpg 1024w, https:\/\/www.kernaou.bzh\/wp-content\/uploads\/2021\/09\/51237532009_658eb024db_o-300x200.jpg 300w, https:\/\/www.kernaou.bzh\/wp-content\/uploads\/2021\/09\/51237532009_658eb024db_o-768x511.jpg 768w, https:\/\/www.kernaou.bzh\/wp-content\/uploads\/2021\/09\/51237532009_658eb024db_o-1536x1022.jpg 1536w, https:\/\/www.kernaou.bzh\/wp-content\/uploads\/2021\/09\/51237532009_658eb024db_o-2048x1363.jpg 2048w\" sizes=\"auto, (max-width: 1024px) 100vw, 1024px\" \/><\/a><\/figure>\n<\/figure>\n\n\n\n<figure class=\"wp-block-gallery has-nested-images columns-default is-cropped wp-block-gallery-2 is-layout-flex wp-block-gallery-is-layout-flex\">\n<figure class=\"wp-block-image size-large\"><img loading=\"lazy\" decoding=\"async\" width=\"1024\" height=\"683\" data-id=\"298\" src=\"http:\/\/www.kernaou.bzh\/wp-content\/uploads\/2021\/10\/IMGP1821-1024x683.jpg\" alt=\"\" class=\"wp-image-298\" srcset=\"https:\/\/www.kernaou.bzh\/wp-content\/uploads\/2021\/10\/IMGP1821-1024x683.jpg 1024w, https:\/\/www.kernaou.bzh\/wp-content\/uploads\/2021\/10\/IMGP1821-scaled-600x400.jpg 600w, https:\/\/www.kernaou.bzh\/wp-content\/uploads\/2021\/10\/IMGP1821-300x200.jpg 300w, https:\/\/www.kernaou.bzh\/wp-content\/uploads\/2021\/10\/IMGP1821-150x100.jpg 150w, https:\/\/www.kernaou.bzh\/wp-content\/uploads\/2021\/10\/IMGP1821-768x512.jpg 768w, https:\/\/www.kernaou.bzh\/wp-content\/uploads\/2021\/10\/IMGP1821-1536x1024.jpg 1536w, https:\/\/www.kernaou.bzh\/wp-content\/uploads\/2021\/10\/IMGP1821-2048x1365.jpg 2048w\" sizes=\"auto, (max-width: 1024px) 100vw, 1024px\" \/><\/figure>\n\n\n\n<figure class=\"wp-block-image size-large\"><img loading=\"lazy\" decoding=\"async\" width=\"683\" height=\"1024\" data-id=\"296\" src=\"http:\/\/www.kernaou.bzh\/wp-content\/uploads\/2021\/10\/IMGP1817-683x1024.jpg\" alt=\"\" class=\"wp-image-296\" srcset=\"https:\/\/www.kernaou.bzh\/wp-content\/uploads\/2021\/10\/IMGP1817-683x1024.jpg 683w, https:\/\/www.kernaou.bzh\/wp-content\/uploads\/2021\/10\/IMGP1817-scaled-600x900.jpg 600w, https:\/\/www.kernaou.bzh\/wp-content\/uploads\/2021\/10\/IMGP1817-200x300.jpg 200w, https:\/\/www.kernaou.bzh\/wp-content\/uploads\/2021\/10\/IMGP1817-100x150.jpg 100w, https:\/\/www.kernaou.bzh\/wp-content\/uploads\/2021\/10\/IMGP1817-768x1152.jpg 768w, https:\/\/www.kernaou.bzh\/wp-content\/uploads\/2021\/10\/IMGP1817-1024x1536.jpg 1024w, https:\/\/www.kernaou.bzh\/wp-content\/uploads\/2021\/10\/IMGP1817-1365x2048.jpg 1365w, https:\/\/www.kernaou.bzh\/wp-content\/uploads\/2021\/10\/IMGP1817-scaled.jpg 1707w\" sizes=\"auto, (max-width: 683px) 100vw, 683px\" \/><\/figure>\n\n\n\n<figure class=\"wp-block-image size-large\"><img loading=\"lazy\" decoding=\"async\" width=\"1024\" height=\"683\" data-id=\"305\" src=\"http:\/\/www.kernaou.bzh\/wp-content\/uploads\/2021\/10\/IMGP1845-1024x683.jpg\" alt=\"\" class=\"wp-image-305\" srcset=\"https:\/\/www.kernaou.bzh\/wp-content\/uploads\/2021\/10\/IMGP1845-1024x683.jpg 1024w, https:\/\/www.kernaou.bzh\/wp-content\/uploads\/2021\/10\/IMGP1845-scaled-600x400.jpg 600w, https:\/\/www.kernaou.bzh\/wp-content\/uploads\/2021\/10\/IMGP1845-300x200.jpg 300w, https:\/\/www.kernaou.bzh\/wp-content\/uploads\/2021\/10\/IMGP1845-150x100.jpg 150w, https:\/\/www.kernaou.bzh\/wp-content\/uploads\/2021\/10\/IMGP1845-768x512.jpg 768w, https:\/\/www.kernaou.bzh\/wp-content\/uploads\/2021\/10\/IMGP1845-1536x1024.jpg 1536w, https:\/\/www.kernaou.bzh\/wp-content\/uploads\/2021\/10\/IMGP1845-2048x1365.jpg 2048w\" sizes=\"auto, (max-width: 1024px) 100vw, 1024px\" \/><\/figure>\n\n\n\n<figure class=\"wp-block-image size-large\"><img loading=\"lazy\" decoding=\"async\" width=\"1024\" height=\"683\" data-id=\"292\" src=\"http:\/\/www.kernaou.bzh\/wp-content\/uploads\/2021\/10\/IMGP1781-1024x683.jpg\" alt=\"\" class=\"wp-image-292\" srcset=\"https:\/\/www.kernaou.bzh\/wp-content\/uploads\/2021\/10\/IMGP1781-1024x683.jpg 1024w, https:\/\/www.kernaou.bzh\/wp-content\/uploads\/2021\/10\/IMGP1781-scaled-600x400.jpg 600w, https:\/\/www.kernaou.bzh\/wp-content\/uploads\/2021\/10\/IMGP1781-300x200.jpg 300w, https:\/\/www.kernaou.bzh\/wp-content\/uploads\/2021\/10\/IMGP1781-150x100.jpg 150w, https:\/\/www.kernaou.bzh\/wp-content\/uploads\/2021\/10\/IMGP1781-768x512.jpg 768w, https:\/\/www.kernaou.bzh\/wp-content\/uploads\/2021\/10\/IMGP1781-1536x1024.jpg 1536w, https:\/\/www.kernaou.bzh\/wp-content\/uploads\/2021\/10\/IMGP1781-2048x1365.jpg 2048w\" sizes=\"auto, (max-width: 1024px) 100vw, 1024px\" \/><\/figure>\n\n\n\n<figure class=\"wp-block-image size-large\"><img loading=\"lazy\" decoding=\"async\" width=\"1024\" height=\"683\" data-id=\"291\" src=\"http:\/\/www.kernaou.bzh\/wp-content\/uploads\/2021\/10\/IMGP1766-1024x683.jpg\" alt=\"\" class=\"wp-image-291\" srcset=\"https:\/\/www.kernaou.bzh\/wp-content\/uploads\/2021\/10\/IMGP1766-1024x683.jpg 1024w, https:\/\/www.kernaou.bzh\/wp-content\/uploads\/2021\/10\/IMGP1766-scaled-600x400.jpg 600w, https:\/\/www.kernaou.bzh\/wp-content\/uploads\/2021\/10\/IMGP1766-300x200.jpg 300w, https:\/\/www.kernaou.bzh\/wp-content\/uploads\/2021\/10\/IMGP1766-150x100.jpg 150w, https:\/\/www.kernaou.bzh\/wp-content\/uploads\/2021\/10\/IMGP1766-768x512.jpg 768w, https:\/\/www.kernaou.bzh\/wp-content\/uploads\/2021\/10\/IMGP1766-1536x1024.jpg 1536w, https:\/\/www.kernaou.bzh\/wp-content\/uploads\/2021\/10\/IMGP1766-2048x1365.jpg 2048w\" sizes=\"auto, (max-width: 1024px) 100vw, 1024px\" \/><\/figure>\n\n\n\n<figure class=\"wp-block-image size-large\"><img loading=\"lazy\" decoding=\"async\" width=\"1024\" height=\"683\" data-id=\"295\" src=\"http:\/\/www.kernaou.bzh\/wp-content\/uploads\/2021\/10\/IMGP1804-1024x683.jpg\" alt=\"\" class=\"wp-image-295\" srcset=\"https:\/\/www.kernaou.bzh\/wp-content\/uploads\/2021\/10\/IMGP1804-1024x683.jpg 1024w, https:\/\/www.kernaou.bzh\/wp-content\/uploads\/2021\/10\/IMGP1804-scaled-600x400.jpg 600w, https:\/\/www.kernaou.bzh\/wp-content\/uploads\/2021\/10\/IMGP1804-300x200.jpg 300w, https:\/\/www.kernaou.bzh\/wp-content\/uploads\/2021\/10\/IMGP1804-150x100.jpg 150w, https:\/\/www.kernaou.bzh\/wp-content\/uploads\/2021\/10\/IMGP1804-768x512.jpg 768w, https:\/\/www.kernaou.bzh\/wp-content\/uploads\/2021\/10\/IMGP1804-1536x1024.jpg 1536w, https:\/\/www.kernaou.bzh\/wp-content\/uploads\/2021\/10\/IMGP1804-2048x1365.jpg 2048w\" sizes=\"auto, (max-width: 1024px) 100vw, 1024px\" \/><\/figure>\n<\/figure>\n","protected":false},"excerpt":{"rendered":"<p>La pr\u00e9sence du hameau est attest\u00e9e d\u00e8s 1694. La pierre dat\u00e9e 1591 dans l\u00b4ancienne ferme 1 est un remploi. Compos\u00e9 de quatre anciennes exploitations, la structure du hameau n\u00b4a que peu \u00e9volu\u00e9 depuis 1830. Cet habitat de cultivateurs et de p\u00eacheurs remonte au 17e si\u00e8cle ou au 18e si\u00e8cle. Certaines d\u00e9pendances ont \u00e9t\u00e9 d\u00e9truites depuis [&hellip;]<\/p>\n","protected":false},"author":1,"featured_media":0,"parent":0,"menu_order":1,"comment_status":"closed","ping_status":"closed","template":"template-fullwidth.php","meta":{"footnotes":""},"class_list":["post-207","page","type-page","status-publish","hentry"],"yoast_head":"<!-- This site is optimized with the Yoast SEO plugin v27.3 - https:\/\/yoast.com\/product\/yoast-seo-wordpress\/ -->\n<title>L&#039;histoire du hameau, quelques photos lors de notre arriv\u00e9e. - Hameau de Kernaou<\/title>\n<meta name=\"robots\" content=\"index, follow, max-snippet:-1, max-image-preview:large, max-video-preview:-1\" \/>\n<link rel=\"canonical\" href=\"https:\/\/www.kernaou.bzh\/index.php\/le-hameau-en-image\/\" \/>\n<meta property=\"og:locale\" content=\"fr_FR\" \/>\n<meta property=\"og:type\" content=\"article\" \/>\n<meta property=\"og:title\" content=\"L&#039;histoire du hameau, quelques photos lors de notre arriv\u00e9e. - Hameau de Kernaou\" \/>\n<meta property=\"og:description\" content=\"La pr\u00e9sence du hameau est attest\u00e9e d\u00e8s 1694. La pierre dat\u00e9e 1591 dans l\u00b4ancienne ferme 1 est un remploi. Compos\u00e9 de quatre anciennes exploitations, la structure du hameau n\u00b4a que peu \u00e9volu\u00e9 depuis 1830. Cet habitat de cultivateurs et de p\u00eacheurs remonte au 17e si\u00e8cle ou au 18e si\u00e8cle. Certaines d\u00e9pendances ont \u00e9t\u00e9 d\u00e9truites depuis [&hellip;]\" \/>\n<meta property=\"og:url\" content=\"https:\/\/www.kernaou.bzh\/index.php\/le-hameau-en-image\/\" \/>\n<meta property=\"og:site_name\" content=\"Hameau de Kernaou\" \/>\n<meta property=\"article:modified_time\" content=\"2023-06-30T17:16:57+00:00\" \/>\n<meta property=\"og:image\" content=\"http:\/\/www.kernaou.bzh\/wp-content\/uploads\/2021\/09\/51237527769_5ef97906b5_o-scaled-e1632788258891-1024x507.jpg\" \/>\n<meta name=\"twitter:card\" content=\"summary_large_image\" \/>\n<meta name=\"twitter:label1\" content=\"Dur\u00e9e de lecture estim\u00e9e\" \/>\n\t<meta name=\"twitter:data1\" content=\"4 minutes\" \/>\n<script type=\"application\/ld+json\" class=\"yoast-schema-graph\">{\"@context\":\"https:\\\/\\\/schema.org\",\"@graph\":[{\"@type\":[\"WebPage\",\"ItemPage\"],\"@id\":\"https:\\\/\\\/www.kernaou.bzh\\\/index.php\\\/le-hameau-en-image\\\/\",\"url\":\"https:\\\/\\\/www.kernaou.bzh\\\/index.php\\\/le-hameau-en-image\\\/\",\"name\":\"L'histoire du hameau, quelques photos lors de notre arriv\u00e9e. - Hameau de Kernaou\",\"isPartOf\":{\"@id\":\"https:\\\/\\\/www.kernaou.bzh\\\/#website\"},\"primaryImageOfPage\":{\"@id\":\"https:\\\/\\\/www.kernaou.bzh\\\/index.php\\\/le-hameau-en-image\\\/#primaryimage\"},\"image\":{\"@id\":\"https:\\\/\\\/www.kernaou.bzh\\\/index.php\\\/le-hameau-en-image\\\/#primaryimage\"},\"thumbnailUrl\":\"http:\\\/\\\/www.kernaou.bzh\\\/wp-content\\\/uploads\\\/2021\\\/09\\\/51237527769_5ef97906b5_o-scaled-e1632788258891-1024x507.jpg\",\"datePublished\":\"2021-09-28T13:52:41+00:00\",\"dateModified\":\"2023-06-30T17:16:57+00:00\",\"breadcrumb\":{\"@id\":\"https:\\\/\\\/www.kernaou.bzh\\\/index.php\\\/le-hameau-en-image\\\/#breadcrumb\"},\"inLanguage\":\"fr-FR\",\"potentialAction\":[{\"@type\":\"ReadAction\",\"target\":[\"https:\\\/\\\/www.kernaou.bzh\\\/index.php\\\/le-hameau-en-image\\\/\"]}]},{\"@type\":\"ImageObject\",\"inLanguage\":\"fr-FR\",\"@id\":\"https:\\\/\\\/www.kernaou.bzh\\\/index.php\\\/le-hameau-en-image\\\/#primaryimage\",\"url\":\"https:\\\/\\\/www.kernaou.bzh\\\/wp-content\\\/uploads\\\/2021\\\/09\\\/51237527769_5ef97906b5_o-scaled-e1632788258891.jpg\",\"contentUrl\":\"https:\\\/\\\/www.kernaou.bzh\\\/wp-content\\\/uploads\\\/2021\\\/09\\\/51237527769_5ef97906b5_o-scaled-e1632788258891.jpg\",\"width\":2560,\"height\":1267},{\"@type\":\"BreadcrumbList\",\"@id\":\"https:\\\/\\\/www.kernaou.bzh\\\/index.php\\\/le-hameau-en-image\\\/#breadcrumb\",\"itemListElement\":[{\"@type\":\"ListItem\",\"position\":1,\"name\":\"Accueil\",\"item\":\"https:\\\/\\\/www.kernaou.bzh\\\/\"},{\"@type\":\"ListItem\",\"position\":2,\"name\":\"L&rsquo;histoire du hameau, quelques photos lors de notre arriv\u00e9e.\"}]},{\"@type\":\"WebSite\",\"@id\":\"https:\\\/\\\/www.kernaou.bzh\\\/#website\",\"url\":\"https:\\\/\\\/www.kernaou.bzh\\\/\",\"name\":\"Hameau de Kernaou\",\"description\":\"Redonnons vie \u00e0 ce patrimoine\",\"publisher\":{\"@id\":\"https:\\\/\\\/www.kernaou.bzh\\\/#organization\"},\"potentialAction\":[{\"@type\":\"SearchAction\",\"target\":{\"@type\":\"EntryPoint\",\"urlTemplate\":\"https:\\\/\\\/www.kernaou.bzh\\\/?s={search_term_string}\"},\"query-input\":{\"@type\":\"PropertyValueSpecification\",\"valueRequired\":true,\"valueName\":\"search_term_string\"}}],\"inLanguage\":\"fr-FR\"},{\"@type\":\"Organization\",\"@id\":\"https:\\\/\\\/www.kernaou.bzh\\\/#organization\",\"name\":\"Hameau de Kernaou\",\"url\":\"https:\\\/\\\/www.kernaou.bzh\\\/\",\"logo\":{\"@type\":\"ImageObject\",\"inLanguage\":\"fr-FR\",\"@id\":\"https:\\\/\\\/www.kernaou.bzh\\\/#\\\/schema\\\/logo\\\/image\\\/\",\"url\":\"https:\\\/\\\/www.kernaou.bzh\\\/wp-content\\\/uploads\\\/2021\\\/09\\\/cropped-cropped-cropped-cropped-Capture-decran-2021-09-12-a-16.15.43-1.png\",\"contentUrl\":\"https:\\\/\\\/www.kernaou.bzh\\\/wp-content\\\/uploads\\\/2021\\\/09\\\/cropped-cropped-cropped-cropped-Capture-decran-2021-09-12-a-16.15.43-1.png\",\"width\":512,\"height\":512,\"caption\":\"Hameau de Kernaou\"},\"image\":{\"@id\":\"https:\\\/\\\/www.kernaou.bzh\\\/#\\\/schema\\\/logo\\\/image\\\/\"}}]}<\/script>\n<!-- \/ Yoast SEO plugin. -->","yoast_head_json":{"title":"L'histoire du hameau, quelques photos lors de notre arriv\u00e9e. - Hameau de Kernaou","robots":{"index":"index","follow":"follow","max-snippet":"max-snippet:-1","max-image-preview":"max-image-preview:large","max-video-preview":"max-video-preview:-1"},"canonical":"https:\/\/www.kernaou.bzh\/index.php\/le-hameau-en-image\/","og_locale":"fr_FR","og_type":"article","og_title":"L'histoire du hameau, quelques photos lors de notre arriv\u00e9e. - Hameau de Kernaou","og_description":"La pr\u00e9sence du hameau est attest\u00e9e d\u00e8s 1694. La pierre dat\u00e9e 1591 dans l\u00b4ancienne ferme 1 est un remploi. Compos\u00e9 de quatre anciennes exploitations, la structure du hameau n\u00b4a que peu \u00e9volu\u00e9 depuis 1830. Cet habitat de cultivateurs et de p\u00eacheurs remonte au 17e si\u00e8cle ou au 18e si\u00e8cle. Certaines d\u00e9pendances ont \u00e9t\u00e9 d\u00e9truites depuis [&hellip;]","og_url":"https:\/\/www.kernaou.bzh\/index.php\/le-hameau-en-image\/","og_site_name":"Hameau de Kernaou","article_modified_time":"2023-06-30T17:16:57+00:00","og_image":[{"url":"http:\/\/www.kernaou.bzh\/wp-content\/uploads\/2021\/09\/51237527769_5ef97906b5_o-scaled-e1632788258891-1024x507.jpg","type":"","width":"","height":""}],"twitter_card":"summary_large_image","twitter_misc":{"Dur\u00e9e de lecture estim\u00e9e":"4 minutes"},"schema":{"@context":"https:\/\/schema.org","@graph":[{"@type":["WebPage","ItemPage"],"@id":"https:\/\/www.kernaou.bzh\/index.php\/le-hameau-en-image\/","url":"https:\/\/www.kernaou.bzh\/index.php\/le-hameau-en-image\/","name":"L'histoire du hameau, quelques photos lors de notre arriv\u00e9e. - Hameau de Kernaou","isPartOf":{"@id":"https:\/\/www.kernaou.bzh\/#website"},"primaryImageOfPage":{"@id":"https:\/\/www.kernaou.bzh\/index.php\/le-hameau-en-image\/#primaryimage"},"image":{"@id":"https:\/\/www.kernaou.bzh\/index.php\/le-hameau-en-image\/#primaryimage"},"thumbnailUrl":"http:\/\/www.kernaou.bzh\/wp-content\/uploads\/2021\/09\/51237527769_5ef97906b5_o-scaled-e1632788258891-1024x507.jpg","datePublished":"2021-09-28T13:52:41+00:00","dateModified":"2023-06-30T17:16:57+00:00","breadcrumb":{"@id":"https:\/\/www.kernaou.bzh\/index.php\/le-hameau-en-image\/#breadcrumb"},"inLanguage":"fr-FR","potentialAction":[{"@type":"ReadAction","target":["https:\/\/www.kernaou.bzh\/index.php\/le-hameau-en-image\/"]}]},{"@type":"ImageObject","inLanguage":"fr-FR","@id":"https:\/\/www.kernaou.bzh\/index.php\/le-hameau-en-image\/#primaryimage","url":"https:\/\/www.kernaou.bzh\/wp-content\/uploads\/2021\/09\/51237527769_5ef97906b5_o-scaled-e1632788258891.jpg","contentUrl":"https:\/\/www.kernaou.bzh\/wp-content\/uploads\/2021\/09\/51237527769_5ef97906b5_o-scaled-e1632788258891.jpg","width":2560,"height":1267},{"@type":"BreadcrumbList","@id":"https:\/\/www.kernaou.bzh\/index.php\/le-hameau-en-image\/#breadcrumb","itemListElement":[{"@type":"ListItem","position":1,"name":"Accueil","item":"https:\/\/www.kernaou.bzh\/"},{"@type":"ListItem","position":2,"name":"L&rsquo;histoire du hameau, quelques photos lors de notre arriv\u00e9e."}]},{"@type":"WebSite","@id":"https:\/\/www.kernaou.bzh\/#website","url":"https:\/\/www.kernaou.bzh\/","name":"Hameau de Kernaou","description":"Redonnons vie \u00e0 ce patrimoine","publisher":{"@id":"https:\/\/www.kernaou.bzh\/#organization"},"potentialAction":[{"@type":"SearchAction","target":{"@type":"EntryPoint","urlTemplate":"https:\/\/www.kernaou.bzh\/?s={search_term_string}"},"query-input":{"@type":"PropertyValueSpecification","valueRequired":true,"valueName":"search_term_string"}}],"inLanguage":"fr-FR"},{"@type":"Organization","@id":"https:\/\/www.kernaou.bzh\/#organization","name":"Hameau de Kernaou","url":"https:\/\/www.kernaou.bzh\/","logo":{"@type":"ImageObject","inLanguage":"fr-FR","@id":"https:\/\/www.kernaou.bzh\/#\/schema\/logo\/image\/","url":"https:\/\/www.kernaou.bzh\/wp-content\/uploads\/2021\/09\/cropped-cropped-cropped-cropped-Capture-decran-2021-09-12-a-16.15.43-1.png","contentUrl":"https:\/\/www.kernaou.bzh\/wp-content\/uploads\/2021\/09\/cropped-cropped-cropped-cropped-Capture-decran-2021-09-12-a-16.15.43-1.png","width":512,"height":512,"caption":"Hameau de Kernaou"},"image":{"@id":"https:\/\/www.kernaou.bzh\/#\/schema\/logo\/image\/"}}]}},"_links":{"self":[{"href":"https:\/\/www.kernaou.bzh\/index.php\/wp-json\/wp\/v2\/pages\/207","targetHints":{"allow":["GET"]}}],"collection":[{"href":"https:\/\/www.kernaou.bzh\/index.php\/wp-json\/wp\/v2\/pages"}],"about":[{"href":"https:\/\/www.kernaou.bzh\/index.php\/wp-json\/wp\/v2\/types\/page"}],"author":[{"embeddable":true,"href":"https:\/\/www.kernaou.bzh\/index.php\/wp-json\/wp\/v2\/users\/1"}],"replies":[{"embeddable":true,"href":"https:\/\/www.kernaou.bzh\/index.php\/wp-json\/wp\/v2\/comments?post=207"}],"version-history":[{"count":5,"href":"https:\/\/www.kernaou.bzh\/index.php\/wp-json\/wp\/v2\/pages\/207\/revisions"}],"predecessor-version":[{"id":555,"href":"https:\/\/www.kernaou.bzh\/index.php\/wp-json\/wp\/v2\/pages\/207\/revisions\/555"}],"wp:attachment":[{"href":"https:\/\/www.kernaou.bzh\/index.php\/wp-json\/wp\/v2\/media?parent=207"}],"curies":[{"name":"wp","href":"https:\/\/api.w.org\/{rel}","templated":true}]}}